{"id":3206,"date":"2020-01-15T00:52:14","date_gmt":"2020-01-14T23:52:14","guid":{"rendered":"https:\/\/dresden-nazifrei.com\/?page_id=3206"},"modified":"2022-04-14T16:47:37","modified_gmt":"2022-04-14T14:47:37","slug":"veranstaltungen13feb2020","status":"publish","type":"page","link":"https:\/\/dresden-nazifrei.com\/kampa\/13februar-dresden\/13februar-2020\/veranstaltungen13feb2020\/","title":{"rendered":"Veranstaltungen des Aktionsb\u00fcndnisses 13. Februar 2020"},"content":{"rendered":"\n<h4 class=\"wp-block-heading\">Vergangene Veranstaltungen<\/h4>\n\n\n\n<div class=\"em em-view-container\" id=\"em-view-853148624\" data-view=\"list\">\r\n\t<div class=\"em pixelbones em-list em-events-list\" id=\"em-events-list-853148624\" data-view-id=\"853148624\">\r\n\t<table class=\"events-table\" >\r\n    <thead>\r\n        <tr>\r\n\t\t<th class=\"event-time\" scope=\"col\">Datum \/ Uhrzeit<\/th>\r\n                <th class=\"event-pic\" scope=\"col\">Sharepic<\/th>\r\n\t        <th class=\"event-description\" scope=\"col\">Veranstaltung \/ Ort<\/th>\r\n\t<\/tr>\r\n   <\/thead><tr>\r\n\t    <td>\r\n                Mi., 19. Februar '20<br\/>\r\n                19:00 Uhr<br\/>\r\n                bis 23:30 Uhr\r\n            <\/td>\r\n            <td>\r\n                <img src='https:\/\/dresden-nazifrei.com\/kampa\/wp-content\/uploads\/2020\/01\/Furia_2020.jpg?w=200' alt='Auswertungstreffen mit K\u00fcfa' width=\"200\" \/>\r\n            <\/td>\r\n            <td>\r\n                <strong><a href=\"https:\/\/dresden-nazifrei.com\/kampa\/veranstaltungen\/auswertungstreffen-mit-kuefa\/\">Auswertungstreffen mit K\u00fcfa<\/a><\/strong>\r\n                <br\/><i>AZ\u2606Conni, Rudolf-Leonhard-Stra\u00dfe 39, Dresden<\/i>\r\n            <\/td>\r\n<\/tr><tr>\r\n\t    <td>\r\n                Mi., 12. Februar '20<br\/>\r\n                17:00 Uhr<br\/>\r\n                bis 20:00 Uhr\r\n            <\/td>\r\n            <td>\r\n                <img src='https:\/\/dresden-nazifrei.com\/kampa\/wp-content\/uploads\/2020\/01\/1202vorabendspaziergang-HEADER-jpg-1.jpg?w=200' alt='Ein historischer Stadtteilspaziergang \u201e10 Jahre 13.2.2010\u201c' width=\"200\" \/>\r\n            <\/td>\r\n            <td>\r\n                <strong><a href=\"https:\/\/dresden-nazifrei.com\/kampa\/veranstaltungen\/ein-historischer-stadtteilspaziergang-10-jahre-13-2-2010-erfolgreiche-militante-aktionen-und-blockaden-gegen-einen-der-groessten-neo-naziaufmaersche-europas-in-dresden\/\">Ein historischer Stadtteilspaziergang \u201e10 Jahre 13.2.2010\u201c<\/a><\/strong>\r\n                <br\/><i>Bahnhof Neustadt, Schlesischer Platz, Dresden<\/i>\r\n            <\/td>\r\n<\/tr><tr>\r\n\t    <td>\r\n                Di., 11. Februar '20<br\/>\r\n                18:00 Uhr<br\/>\r\n                bis 18:00 Uhr\r\n            <\/td>\r\n            <td>\r\n                <img src='https:\/\/dresden-nazifrei.com\/kampa\/wp-content\/uploads\/2020\/02\/LinksjugendVA.jpg?w=200' alt='Wie einer der gr\u00f6\u00dften Naziaufm\u00e4rsche entsteht' width=\"200\" \/>\r\n            <\/td>\r\n            <td>\r\n                <strong><a href=\"https:\/\/dresden-nazifrei.com\/kampa\/veranstaltungen\/wie-einer-der-groessten-naziaufmaersche-entsteht\/\">Wie einer der gr\u00f6\u00dften Naziaufm\u00e4rsche entsteht<\/a><\/strong>\r\n                <br\/><i>Wir AG, Martin-Luther-Stra\u00dfe 21, Dresden<\/i>\r\n            <\/td>\r\n<\/tr><tr>\r\n\t    <td>\r\n                Mo., 10. Februar '20<br\/>\r\n                20:00 Uhr<br\/>\r\n                bis 22:00 Uhr\r\n            <\/td>\r\n            <td>\r\n                <img src='https:\/\/dresden-nazifrei.com\/kampa\/wp-content\/uploads\/2020\/02\/Rojava.jpg?w=200' alt='Rojava: Mein Paradies' width=\"200\" \/>\r\n            <\/td>\r\n            <td>\r\n                <strong><a href=\"https:\/\/dresden-nazifrei.com\/kampa\/veranstaltungen\/rojava-mein-paradies\/\">Rojava: Mein Paradies<\/a><\/strong>\r\n                <br\/><i>Thalia Dresden, G\u00f6rlitzer Stra\u00dfe 6, Dresden<\/i>\r\n            <\/td>\r\n<\/tr><tr>\r\n\t    <td>\r\n                Mo., 10. Februar '20<br\/>\r\n                19:00 Uhr<br\/>\r\n                bis 21:00 Uhr\r\n            <\/td>\r\n            <td>\r\n                <img src='https:\/\/dresden-nazifrei.com\/kampa\/wp-content\/uploads\/2020\/01\/WSKritMed.jpg?w=200' alt='Workshop: Aktivismus und Approbation ?!' width=\"200\" \/>\r\n            <\/td>\r\n            <td>\r\n                <strong><a href=\"https:\/\/dresden-nazifrei.com\/kampa\/veranstaltungen\/workshop-aktivismus-und-approbation\/\">Workshop: Aktivismus und Approbation ?!<\/a><\/strong>\r\n                <br\/><i>Geh8, Gehestra\u00dfe 8, Dresden<\/i>\r\n            <\/td>\r\n<\/tr><tr>\r\n\t    <td>\r\n                Mo., 10. Februar '20<br\/>\r\n                17:00 Uhr<br\/>\r\n                bis 19:00 Uhr\r\n            <\/td>\r\n            <td>\r\n                <img src='https:\/\/dresden-nazifrei.com\/kampa\/wp-content\/uploads\/2020\/02\/Frauen-im-Widerstand-gegen-den-Nationalsozialismus.jpg?w=200' alt='Weiblicher Widerstand - Frauen im Widerstand gegen den Nationalsozialismus' width=\"200\" \/>\r\n            <\/td>\r\n            <td>\r\n                <strong><a href=\"https:\/\/dresden-nazifrei.com\/kampa\/veranstaltungen\/weiblicher-widerstand-frauen-im-widerstand-gegen-den-nationalsozialismus\/\">Weiblicher Widerstand - Frauen im Widerstand gegen den Nationalsozialismus<\/a><\/strong>\r\n                <br\/><i>H\u00f6rsaalzentrum der TU Dresden, Bergstra\u00dfe 64, Dresden<\/i>\r\n            <\/td>\r\n<\/tr><tr>\r\n\t    <td>\r\n                So., 09. Februar '20<br\/>\r\n                13:00 Uhr<br\/>\r\n                bis 16:00 Uhr\r\n            <\/td>\r\n            <td>\r\n                <img src='https:\/\/dresden-nazifrei.com\/kampa\/wp-content\/uploads\/2020\/01\/Mahngang-2020-FB-Web3.png?w=200' alt='Mahngang T\u00e4terspuren 2020' width=\"200\" \/>\r\n            <\/td>\r\n            <td>\r\n                <strong><a href=\"https:\/\/dresden-nazifrei.com\/kampa\/veranstaltungen\/mahngang-taeterspuren\/\">Mahngang T\u00e4terspuren 2020<\/a><\/strong>\r\n                <br\/><i>Startpunkt, Comenisustra\u00dfe 32, Dresden<\/i>\r\n            <\/td>\r\n<\/tr><tr>\r\n\t    <td>\r\n                So., 09. Februar '20<br\/>\r\n                10:30 Uhr<br\/>\r\n                bis 10:30 Uhr\r\n            <\/td>\r\n            <td>\r\n                <img src='https:\/\/dresden-nazifrei.com\/kampa\/wp-content\/uploads\/2020\/02\/Anreise-Chemnitz-Mahngang.jpg?w=200' alt='Anreise aus Chemnitz zum Mahngang T\u00e4terspuren' width=\"200\" \/>\r\n            <\/td>\r\n            <td>\r\n                <strong><a href=\"https:\/\/dresden-nazifrei.com\/kampa\/veranstaltungen\/anreise-aus-chemnitz-zum-mahngang-taeterspuren\/\">Anreise aus Chemnitz zum Mahngang T\u00e4terspuren<\/a><\/strong>\r\n                <br\/><i>Chemnitz Hauptbahnhof, Bahnhofstra\u00dfe 1, Chemnitz<\/i>\r\n            <\/td>\r\n<\/tr><tr>\r\n\t    <td>\r\n                Sa., 08. Februar '20<br\/>\r\n                12:00 Uhr<br\/>\r\n                bis 18:00 Uhr\r\n            <\/td>\r\n            <td>\r\n                <img src='https:\/\/dresden-nazifrei.com\/kampa\/wp-content\/uploads\/2020\/01\/Furia_2020.jpg?w=200' alt='Aktionstraining \u2013 all genders' width=\"200\" \/>\r\n            <\/td>\r\n            <td>\r\n                <strong><a href=\"https:\/\/dresden-nazifrei.com\/kampa\/veranstaltungen\/aktionstraining-all-genders\/\">Aktionstraining \u2013 all genders<\/a><\/strong>\r\n                <br\/><i>AZ\u2606Conni, Rudolf-Leonhard-Stra\u00dfe 39, Dresden<\/i>\r\n            <\/td>\r\n<\/tr><tr>\r\n\t    <td>\r\n                Sa., 08. Februar '20<br\/>\r\n                11:00 Uhr<br\/>\r\n                bis 17:00 Uhr\r\n            <\/td>\r\n            <td>\r\n                <img src='https:\/\/dresden-nazifrei.com\/kampa\/wp-content\/uploads\/2020\/01\/EO9lWg0XsAE4xzb.jpg?w=200' alt='\u201eWas soll ich nur anziehen?\u201c - Ein Rechercheworkshop zur linken Demo-Haute Couture' width=\"200\" \/>\r\n            <\/td>\r\n            <td>\r\n                <strong><a href=\"https:\/\/dresden-nazifrei.com\/kampa\/veranstaltungen\/was-soll-ich-nur-anziehen-ein-rechercheworkshop-zur-linken-demo-haute-couture\/\">\u201eWas soll ich nur anziehen?\u201c - Ein Rechercheworkshop zur linken Demo-Haute Couture<\/a><\/strong>\r\n                <br\/><i>AZ\u2606Conni, Rudolf-Leonhard-Stra\u00dfe 39, Dresden<\/i>\r\n            <\/td>\r\n<\/tr><tr>\r\n\t    <td>\r\n                Di., 04. Februar '20<br\/>\r\n                20:00 Uhr<br\/>\r\n                bis 22:00 Uhr\r\n            <\/td>\r\n            <td>\r\n                <img src='https:\/\/dresden-nazifrei.com\/kampa\/wp-content\/uploads\/2020\/01\/Mobi-Magdeburg.jpg?w=200' alt='Mobi-Veranstaltung in Magdeburg mit Besuch aus Dresden' width=\"200\" \/>\r\n            <\/td>\r\n            <td>\r\n                <strong><a href=\"https:\/\/dresden-nazifrei.com\/kampa\/veranstaltungen\/mobi-veranstaltung-in-magdeburg-mit-besuch-aus-dresden\/\">Mobi-Veranstaltung in Magdeburg mit Besuch aus Dresden<\/a><\/strong>\r\n                <br\/><i>In:takt, Breiter Weg 28, Magdeburg<\/i>\r\n            <\/td>\r\n<\/tr><tr>\r\n\t    <td>\r\n                Di., 04. Februar '20<br\/>\r\n                20:00 Uhr<br\/>\r\n                bis 20:00 Uhr\r\n            <\/td>\r\n            <td>\r\n                <img src='https:\/\/dresden-nazifrei.com\/kampa\/wp-content\/uploads\/2020\/01\/Ermittlungsausschuss.jpg?w=200' alt='Aktions 1\u00d71 \u2013 Was tun wenn\u2019s brennt? Legal Workshop' width=\"200\" \/>\r\n            <\/td>\r\n            <td>\r\n                <strong><a href=\"https:\/\/dresden-nazifrei.com\/kampa\/veranstaltungen\/aktions-1x1-was-tun-wenns-brennt-legal-workshop\/\">Aktions 1\u00d71 \u2013 Was tun wenn\u2019s brennt? Legal Workshop<\/a><\/strong>\r\n                <br\/><i>AZ\u2606Conni, Rudolf-Leonhard-Stra\u00dfe 39, Dresden<\/i>\r\n            <\/td>\r\n<\/tr><tr>\r\n\t    <td>\r\n                Di., 04. Februar '20<br\/>\r\n                11:00 Uhr<br\/>\r\n                bis 12:30 Uhr\r\n            <\/td>\r\n            <td>\r\n                <img src='https:\/\/dresden-nazifrei.com\/kampa\/wp-content\/uploads\/2020\/01\/DD-NF-Web-5-mit-Text.png?w=200' alt='Pressekonferenz zur \u201eAktionswoche 13. Februar\u201c' width=\"200\" \/>\r\n            <\/td>\r\n            <td>\r\n                <strong><a href=\"https:\/\/dresden-nazifrei.com\/kampa\/veranstaltungen\/pressekonferenz\/\">Pressekonferenz zur \u201eAktionswoche 13. Februar\u201c<\/a><\/strong>\r\n                \r\n            <\/td>\r\n<\/tr><tr>\r\n\t    <td>\r\n                Mo., 03. Februar '20<br\/>\r\n                18:00 Uhr<br\/>\r\n                bis 21:00 Uhr\r\n            <\/td>\r\n            <td>\r\n                <img src='https:\/\/dresden-nazifrei.com\/kampa\/wp-content\/uploads\/2019\/07\/nopegida1.jpg?w=200' alt='NoPegida #DD0302' width=\"200\" \/>\r\n            <\/td>\r\n            <td>\r\n                <strong><a href=\"https:\/\/dresden-nazifrei.com\/kampa\/veranstaltungen\/nopegida-dd0302\/\">NoPegida #DD0302<\/a><\/strong>\r\n                <br\/><i>Neumarkt, Neumarkt, Dresden<\/i>\r\n            <\/td>\r\n<\/tr><tr>\r\n\t    <td>\r\n                So., 02. Februar '20<br\/>\r\n                18:00 Uhr<br\/>\r\n                bis 18:00 Uhr\r\n            <\/td>\r\n            <td>\r\n                <img src='https:\/\/dresden-nazifrei.com\/kampa\/wp-content\/uploads\/2020\/01\/Demosanis.jpg?w=200' alt='Demotraining mit den Demosanis' width=\"200\" \/>\r\n            <\/td>\r\n            <td>\r\n                <strong><a href=\"https:\/\/dresden-nazifrei.com\/kampa\/veranstaltungen\/demotraining-mit-den-demosanis\/\">Demotraining mit den Demosanis<\/a><\/strong>\r\n                <br\/><i>Wir AG, Martin-Luther-Stra\u00dfe 21, Dresden<\/i>\r\n            <\/td>\r\n<\/tr><tr>\r\n\t    <td>\r\n                Sa., 01. Februar '20<br\/>\r\n                12:00 Uhr<br\/>\r\n                bis 16:00 Uhr\r\n            <\/td>\r\n            <td>\r\n                <img src='https:\/\/dresden-nazifrei.com\/kampa\/wp-content\/uploads\/2020\/01\/Furia_2020.jpg?w=200' alt='Aktionstraining \u2013 FLINT* only' width=\"200\" \/>\r\n            <\/td>\r\n            <td>\r\n                <strong><a href=\"https:\/\/dresden-nazifrei.com\/kampa\/veranstaltungen\/aktionstraining-flint-only\/\">Aktionstraining \u2013 FLINT* only<\/a><\/strong>\r\n                <br\/><i>AZ\u2606Conni, Rudolf-Leonhard-Stra\u00dfe 39, Dresden<\/i>\r\n            <\/td>\r\n<\/tr><tr>\r\n\t    <td>\r\n                Mo., 27. Januar '20<br\/>\r\n                17:00 Uhr<br\/>\r\n                bis 19:00 Uhr\r\n            <\/td>\r\n            <td>\r\n                <img src='https:\/\/dresden-nazifrei.com\/kampa\/wp-content\/uploads\/2020\/01\/2701gedenken-header-720x340-1.jpg?w=200' alt='Videokundgebung zum 75. Jahrestag der Befreiung des KZ Auschwitz' width=\"200\" \/>\r\n            <\/td>\r\n            <td>\r\n                <strong><a href=\"https:\/\/dresden-nazifrei.com\/kampa\/veranstaltungen\/videokundgebung-zum-75-jahrestag-der-befreiung-des-kz-auschwitz\/\">Videokundgebung zum 75. Jahrestag der Befreiung des KZ Auschwitz<\/a><\/strong>\r\n                <br\/><i>Bahnhof Neustadt, Schlesischer Platz, Dresden<\/i>\r\n            <\/td>\r\n<\/tr><tr>\r\n\t    <td>\r\n                Mo., 20. Januar '20<br\/>\r\n                18:00 Uhr<br\/>\r\n                bis 21:00 Uhr\r\n            <\/td>\r\n            <td>\r\n                <img src='https:\/\/dresden-nazifrei.com\/kampa\/wp-content\/uploads\/2020\/01\/DD-NF-Web-4-mit-Text.png?w=200' alt='Unterst\u00fctzung f\u00fcr \u201eHope\u201c und \u201eNationalismus raus aus den K\u00f6pfen\u201c - Pegida in die Suppe spucken!' width=\"200\" \/>\r\n            <\/td>\r\n            <td>\r\n                <strong><a href=\"https:\/\/dresden-nazifrei.com\/kampa\/veranstaltungen\/unterstuetzung-fuer-hope-und-nationalismus-raus-aus-den-koepfen-pegida-in-die-suppe-spucken\/\">Unterst\u00fctzung f\u00fcr \u201eHope\u201c und \u201eNationalismus raus aus den K\u00f6pfen\u201c - Pegida in die Suppe spucken!<\/a><\/strong>\r\n                <br\/><i>Innenstadtbereich Dresden, Innenstadt, Dresden<\/i>\r\n            <\/td>\r\n<\/tr><tr>\r\n\t    <td>\r\n                So., 19. Januar '20<br\/>\r\n                14:00 Uhr<br\/>\r\n                bis 18:00 Uhr\r\n            <\/td>\r\n            <td>\r\n                <img src='https:\/\/dresden-nazifrei.com\/kampa\/wp-content\/uploads\/2020\/01\/FrauenBildetBanden-1.jpg?w=200' alt='Solidarit\u00e4tsbrunch: We bite back! &amp; Filmvorf\u00fchrung' width=\"200\" \/>\r\n            <\/td>\r\n            <td>\r\n                <strong><a href=\"https:\/\/dresden-nazifrei.com\/kampa\/veranstaltungen\/solidaritaetsbrunch-we-bite-back-filmvorfuehrung\/\">Solidarit\u00e4tsbrunch: We bite back! &amp; Filmvorf\u00fchrung<\/a><\/strong>\r\n                <br\/><i>AZ\u2606Conni, Rudolf-Leonhard-Stra\u00dfe 39, Dresden<\/i>\r\n            <\/td>\r\n<\/tr><tr>\r\n\t    <td>\r\n                Mi., 08. Januar '20<br\/>\r\n                18:00 Uhr<br\/>\r\n                bis 20:00 Uhr\r\n            <\/td>\r\n            <td>\r\n                <img src='https:\/\/dresden-nazifrei.com\/kampa\/wp-content\/uploads\/2020\/01\/Infoveranstaltung-Leipzig.jpg?w=200' alt='Info- und Mobi-Veranstaltung in Leipzig' width=\"200\" \/>\r\n            <\/td>\r\n            <td>\r\n                <strong><a href=\"https:\/\/dresden-nazifrei.com\/kampa\/veranstaltungen\/info-und-mobi-veranstaltung-in-leipzig\/\">Info- und Mobi-Veranstaltung in Leipzig<\/a><\/strong>\r\n                <br\/><i>Werk 2, Kochstra\u00dfe 132, Leipzig<\/i>\r\n            <\/td>\r\n<\/tr><tr>\r\n\t    <td>\r\n                Sa., 04. Januar '20<br\/>\r\n                22:00 Uhr<br\/>\r\n                bis 22:00 Uhr\r\n            <\/td>\r\n            <td>\r\n                <img src='https:\/\/dresden-nazifrei.com\/kampa\/wp-content\/uploads\/2020\/01\/live-concert-drums.jpg?w=200' alt='Solikonzert f\u00fcr Dresden Nazifrei im Ostpol' width=\"200\" \/>\r\n            <\/td>\r\n            <td>\r\n                <strong><a href=\"https:\/\/dresden-nazifrei.com\/kampa\/veranstaltungen\/solikonzert-fuer-dresden-nazifrei-im-ostpol\/\">Solikonzert f\u00fcr Dresden Nazifrei im Ostpol<\/a><\/strong>\r\n                <br\/><i>Club Ostpol, K\u00f6nigsbr\u00fccker Str. 47, Dresden<\/i>\r\n            <\/td>\r\n<\/tr><\/tbody><\/table>\t<\/div>\r\n<\/div>\n","protected":false},"excerpt":{"rendered":"<p>Vergangene Veranstaltungen<\/p>\n","protected":false},"author":3,"featured_media":0,"parent":8791,"menu_order":5,"comment_status":"closed","ping_status":"closed","template":"","meta":{"_monsterinsights_skip_tracking":false,"_monsterinsights_sitenote_active":false,"_monsterinsights_sitenote_note":"","_monsterinsights_sitenote_category":0,"footnotes":""},"class_list":["post-3206","page","type-page","status-publish","hentry"],"yoast_head":"<!-- This site is optimized with the Yoast SEO plugin v27.2 - https:\/\/yoast.com\/product\/yoast-seo-wordpress\/ -->\n<title>Veranstaltungen des Aktionsb\u00fcndnisses 13. Februar 2020 - Dresden WiEdersetzen<\/title>\n<meta name=\"robots\" content=\"index, follow, max-snippet:-1, max-image-preview:large, max-video-preview:-1\" \/>\n<link rel=\"canonical\" href=\"https:\/\/dresden-nazifrei.com\/kampa\/13februar-dresden\/13februar-2020\/veranstaltungen13feb2020\/\" \/>\n<meta property=\"og:locale\" content=\"de_DE\" \/>\n<meta property=\"og:type\" content=\"article\" \/>\n<meta property=\"og:title\" content=\"Veranstaltungen des Aktionsb\u00fcndnisses 13. Februar 2020 - Dresden WiEdersetzen\" \/>\n<meta property=\"og:description\" content=\"Vergangene Veranstaltungen\" \/>\n<meta property=\"og:url\" content=\"https:\/\/dresden-nazifrei.com\/kampa\/13februar-dresden\/13februar-2020\/veranstaltungen13feb2020\/\" \/>\n<meta property=\"og:site_name\" content=\"Dresden WiEdersetzen\" \/>\n<meta property=\"article:publisher\" content=\"https:\/\/www.facebook.com\/dresden.stellt.sich.quer\/\" \/>\n<meta property=\"article:modified_time\" content=\"2022-04-14T14:47:37+00:00\" \/>\n<meta property=\"og:image\" content=\"https:\/\/dresden-nazifrei.com\/kampa\/wp-content\/uploads\/2021\/01\/Stadt-FB-Rot.png\" \/>\n\t<meta property=\"og:image:width\" content=\"1600\" \/>\n\t<meta property=\"og:image:height\" content=\"900\" \/>\n\t<meta property=\"og:image:type\" content=\"image\/png\" \/>\n<meta name=\"twitter:card\" content=\"summary_large_image\" \/>\n<meta name=\"twitter:site\" content=\"@dd_nazifrei\" \/>\n<script type=\"application\/ld+json\" class=\"yoast-schema-graph\">{\"@context\":\"https:\/\/schema.org\",\"@graph\":[{\"@type\":\"WebPage\",\"@id\":\"https:\/\/dresden-nazifrei.com\/kampa\/13februar-dresden\/13februar-2020\/veranstaltungen13feb2020\/\",\"url\":\"https:\/\/dresden-nazifrei.com\/kampa\/13februar-dresden\/13februar-2020\/veranstaltungen13feb2020\/\",\"name\":\"Veranstaltungen des Aktionsb\u00fcndnisses 13. Februar 2020 - Dresden WiEdersetzen\",\"isPartOf\":{\"@id\":\"https:\/\/dresden-nazifrei.com\/kampa\/#website\"},\"datePublished\":\"2020-01-14T23:52:14+00:00\",\"dateModified\":\"2022-04-14T14:47:37+00:00\",\"breadcrumb\":{\"@id\":\"https:\/\/dresden-nazifrei.com\/kampa\/13februar-dresden\/13februar-2020\/veranstaltungen13feb2020\/#breadcrumb\"},\"inLanguage\":\"de\",\"potentialAction\":[{\"@type\":\"ReadAction\",\"target\":[\"https:\/\/dresden-nazifrei.com\/kampa\/13februar-dresden\/13februar-2020\/veranstaltungen13feb2020\/\"]}]},{\"@type\":\"BreadcrumbList\",\"@id\":\"https:\/\/dresden-nazifrei.com\/kampa\/13februar-dresden\/13februar-2020\/veranstaltungen13feb2020\/#breadcrumb\",\"itemListElement\":[{\"@type\":\"ListItem\",\"position\":1,\"name\":\"Startseite\",\"item\":\"https:\/\/dresden-nazifrei.com\/kampa\/\"},{\"@type\":\"ListItem\",\"position\":2,\"name\":\"Der 13. Februar in Dresden\",\"item\":\"https:\/\/dresden-nazifrei.com\/kampa\/13februar-dresden\/\"},{\"@type\":\"ListItem\",\"position\":3,\"name\":\"Der 13. Februar 2020\",\"item\":\"https:\/\/dresden-nazifrei.com\/kampa\/13februar-dresden\/13februar-2020\/\"},{\"@type\":\"ListItem\",\"position\":4,\"name\":\"Veranstaltungen des Aktionsb\u00fcndnisses 13. Februar 2020\"}]},{\"@type\":\"WebSite\",\"@id\":\"https:\/\/dresden-nazifrei.com\/kampa\/#website\",\"url\":\"https:\/\/dresden-nazifrei.com\/kampa\/\",\"name\":\"Dresden WiEdersetzen\",\"description\":\"Dresden stellt sich quer\",\"publisher\":{\"@id\":\"https:\/\/dresden-nazifrei.com\/kampa\/#organization\"},\"potentialAction\":[{\"@type\":\"SearchAction\",\"target\":{\"@type\":\"EntryPoint\",\"urlTemplate\":\"https:\/\/dresden-nazifrei.com\/kampa\/?s={search_term_string}\"},\"query-input\":{\"@type\":\"PropertyValueSpecification\",\"valueRequired\":true,\"valueName\":\"search_term_string\"}}],\"inLanguage\":\"de\"},{\"@type\":\"Organization\",\"@id\":\"https:\/\/dresden-nazifrei.com\/kampa\/#organization\",\"name\":\"Dresden Nazifrei\",\"url\":\"https:\/\/dresden-nazifrei.com\/kampa\/\",\"logo\":{\"@type\":\"ImageObject\",\"inLanguage\":\"de\",\"@id\":\"https:\/\/dresden-nazifrei.com\/kampa\/#\/schema\/logo\/image\/\",\"url\":\"https:\/\/dresden-nazifrei.com\/kampa\/wp-content\/uploads\/2021\/03\/Logo-Schwarz-Rot.png\",\"contentUrl\":\"https:\/\/dresden-nazifrei.com\/kampa\/wp-content\/uploads\/2021\/03\/Logo-Schwarz-Rot.png\",\"width\":500,\"height\":500,\"caption\":\"Dresden Nazifrei\"},\"image\":{\"@id\":\"https:\/\/dresden-nazifrei.com\/kampa\/#\/schema\/logo\/image\/\"},\"sameAs\":[\"https:\/\/www.facebook.com\/dresden.stellt.sich.quer\/\",\"https:\/\/x.com\/dd_nazifrei\",\"https:\/\/www.instagram.com\/dd_nazifrei\/\",\"https:\/\/www.youtube.com\/channel\/UC2w1_etudyqY1XziVPgba8Q\"]}]}<\/script>\n<!-- \/ Yoast SEO plugin. -->","yoast_head_json":{"title":"Veranstaltungen des Aktionsb\u00fcndnisses 13. Februar 2020 - Dresden WiEdersetzen","robots":{"index":"index","follow":"follow","max-snippet":"max-snippet:-1","max-image-preview":"max-image-preview:large","max-video-preview":"max-video-preview:-1"},"canonical":"https:\/\/dresden-nazifrei.com\/kampa\/13februar-dresden\/13februar-2020\/veranstaltungen13feb2020\/","og_locale":"de_DE","og_type":"article","og_title":"Veranstaltungen des Aktionsb\u00fcndnisses 13. Februar 2020 - Dresden WiEdersetzen","og_description":"Vergangene Veranstaltungen","og_url":"https:\/\/dresden-nazifrei.com\/kampa\/13februar-dresden\/13februar-2020\/veranstaltungen13feb2020\/","og_site_name":"Dresden WiEdersetzen","article_publisher":"https:\/\/www.facebook.com\/dresden.stellt.sich.quer\/","article_modified_time":"2022-04-14T14:47:37+00:00","og_image":[{"width":1600,"height":900,"url":"https:\/\/dresden-nazifrei.com\/kampa\/wp-content\/uploads\/2021\/01\/Stadt-FB-Rot.png","type":"image\/png"}],"twitter_card":"summary_large_image","twitter_site":"@dd_nazifrei","schema":{"@context":"https:\/\/schema.org","@graph":[{"@type":"WebPage","@id":"https:\/\/dresden-nazifrei.com\/kampa\/13februar-dresden\/13februar-2020\/veranstaltungen13feb2020\/","url":"https:\/\/dresden-nazifrei.com\/kampa\/13februar-dresden\/13februar-2020\/veranstaltungen13feb2020\/","name":"Veranstaltungen des Aktionsb\u00fcndnisses 13. Februar 2020 - Dresden WiEdersetzen","isPartOf":{"@id":"https:\/\/dresden-nazifrei.com\/kampa\/#website"},"datePublished":"2020-01-14T23:52:14+00:00","dateModified":"2022-04-14T14:47:37+00:00","breadcrumb":{"@id":"https:\/\/dresden-nazifrei.com\/kampa\/13februar-dresden\/13februar-2020\/veranstaltungen13feb2020\/#breadcrumb"},"inLanguage":"de","potentialAction":[{"@type":"ReadAction","target":["https:\/\/dresden-nazifrei.com\/kampa\/13februar-dresden\/13februar-2020\/veranstaltungen13feb2020\/"]}]},{"@type":"BreadcrumbList","@id":"https:\/\/dresden-nazifrei.com\/kampa\/13februar-dresden\/13februar-2020\/veranstaltungen13feb2020\/#breadcrumb","itemListElement":[{"@type":"ListItem","position":1,"name":"Startseite","item":"https:\/\/dresden-nazifrei.com\/kampa\/"},{"@type":"ListItem","position":2,"name":"Der 13. Februar in Dresden","item":"https:\/\/dresden-nazifrei.com\/kampa\/13februar-dresden\/"},{"@type":"ListItem","position":3,"name":"Der 13. Februar 2020","item":"https:\/\/dresden-nazifrei.com\/kampa\/13februar-dresden\/13februar-2020\/"},{"@type":"ListItem","position":4,"name":"Veranstaltungen des Aktionsb\u00fcndnisses 13. Februar 2020"}]},{"@type":"WebSite","@id":"https:\/\/dresden-nazifrei.com\/kampa\/#website","url":"https:\/\/dresden-nazifrei.com\/kampa\/","name":"Dresden WiEdersetzen","description":"Dresden stellt sich quer","publisher":{"@id":"https:\/\/dresden-nazifrei.com\/kampa\/#organization"},"potentialAction":[{"@type":"SearchAction","target":{"@type":"EntryPoint","urlTemplate":"https:\/\/dresden-nazifrei.com\/kampa\/?s={search_term_string}"},"query-input":{"@type":"PropertyValueSpecification","valueRequired":true,"valueName":"search_term_string"}}],"inLanguage":"de"},{"@type":"Organization","@id":"https:\/\/dresden-nazifrei.com\/kampa\/#organization","name":"Dresden Nazifrei","url":"https:\/\/dresden-nazifrei.com\/kampa\/","logo":{"@type":"ImageObject","inLanguage":"de","@id":"https:\/\/dresden-nazifrei.com\/kampa\/#\/schema\/logo\/image\/","url":"https:\/\/dresden-nazifrei.com\/kampa\/wp-content\/uploads\/2021\/03\/Logo-Schwarz-Rot.png","contentUrl":"https:\/\/dresden-nazifrei.com\/kampa\/wp-content\/uploads\/2021\/03\/Logo-Schwarz-Rot.png","width":500,"height":500,"caption":"Dresden Nazifrei"},"image":{"@id":"https:\/\/dresden-nazifrei.com\/kampa\/#\/schema\/logo\/image\/"},"sameAs":["https:\/\/www.facebook.com\/dresden.stellt.sich.quer\/","https:\/\/x.com\/dd_nazifrei","https:\/\/www.instagram.com\/dd_nazifrei\/","https:\/\/www.youtube.com\/channel\/UC2w1_etudyqY1XziVPgba8Q"]}]}},"_links":{"self":[{"href":"https:\/\/dresden-nazifrei.com\/kampa\/wp-json\/wp\/v2\/pages\/3206","targetHints":{"allow":["GET"]}}],"collection":[{"href":"https:\/\/dresden-nazifrei.com\/kampa\/wp-json\/wp\/v2\/pages"}],"about":[{"href":"https:\/\/dresden-nazifrei.com\/kampa\/wp-json\/wp\/v2\/types\/page"}],"author":[{"embeddable":true,"href":"https:\/\/dresden-nazifrei.com\/kampa\/wp-json\/wp\/v2\/users\/3"}],"replies":[{"embeddable":true,"href":"https:\/\/dresden-nazifrei.com\/kampa\/wp-json\/wp\/v2\/comments?post=3206"}],"version-history":[{"count":24,"href":"https:\/\/dresden-nazifrei.com\/kampa\/wp-json\/wp\/v2\/pages\/3206\/revisions"}],"predecessor-version":[{"id":3741,"href":"https:\/\/dresden-nazifrei.com\/kampa\/wp-json\/wp\/v2\/pages\/3206\/revisions\/3741"}],"up":[{"embeddable":true,"href":"https:\/\/dresden-nazifrei.com\/kampa\/wp-json\/wp\/v2\/pages\/8791"}],"wp:attachment":[{"href":"https:\/\/dresden-nazifrei.com\/kampa\/wp-json\/wp\/v2\/media?parent=3206"}],"curies":[{"name":"wp","href":"https:\/\/api.w.org\/{rel}","templated":true}]}}